{"id":247,"date":"2016-04-14T15:26:54","date_gmt":"2016-04-14T15:26:54","guid":{"rendered":"http:\/\/ieselaios.catedu.es\/matematicas\/?page_id=247"},"modified":"2025-12-03T13:08:43","modified_gmt":"2025-12-03T12:08:43","slug":"profesorado-2","status":"publish","type":"page","link":"https:\/\/ieselaios.catedu.es\/matematicas\/profesorado-2\/","title":{"rendered":"PROFESORADO"},"content":{"rendered":"<h4><span style=\"color: #000000\"><strong>Curso 2025-26<\/strong><\/span><\/h4>\n<p>Pedro Arruebo Puyalto\u00a0<\/p>\n<p>Sara Ciordia Hern\u00e1ndez<\/p>\n<p>Noelia Cipr\u00e9s Pellejero<\/p>\n<p>M\u00aa del Carmen Clavero Gracia\u00a0<\/p>\n<p>Laura L\u00f3pez S\u00e1nchez<\/p>\n<p>M\u00aa Elena P\u00e9rez Sanz<\/p>\n<p>Jes\u00fas S\u00e1nchez Pizarro<\/p>\n<p>Marcos Santab\u00e1rbara Serrano<\/p>\n<p>Rosa M\u00aa Tajada Alcut\u00e9n (Jefa de Departamento)<\/p>\n<h4><span style=\"color: #3366ff\"><a href=\"https:\/\/docs.google.com\/document\/d\/1g_Q77Z8eLnS2QL5e3TBM1-NX_EjmyNXOTNUwHtLBBa8\/edit?usp=sharing\">Hist\u00f3rico de cursos anteriores<\/a><\/span><\/h4>\n\n","protected":false},"excerpt":{"rendered":"<p>Curso 2025-26 Pedro Arruebo Puyalto\u00a0 Sara Ciordia Hern\u00e1ndez Noelia Cipr\u00e9s Pellejero M\u00aa del Carmen Clavero Gracia\u00a0 Laura L\u00f3pez S\u00e1nchez M\u00aa Elena P\u00e9rez Sanz Jes\u00fas S\u00e1nchez Pizarro Marcos Santab\u00e1rbara Serrano Rosa M\u00aa Tajada Alcut\u00e9n (Jefa de Departamento) Hist\u00f3rico de cursos anteriores<\/p>\n","protected":false},"author":3,"featured_media":0,"parent":0,"menu_order":0,"comment_status":"closed","ping_status":"closed","template":"","meta":{"footnotes":""},"class_list":["post-247","page","type-page","status-publish","hentry"],"_links":{"self":[{"href":"https:\/\/ieselaios.catedu.es\/matematicas\/wp-json\/wp\/v2\/pages\/247","targetHints":{"allow":["GET"]}}],"collection":[{"href":"https:\/\/ieselaios.catedu.es\/matematicas\/wp-json\/wp\/v2\/pages"}],"about":[{"href":"https:\/\/ieselaios.catedu.es\/matematicas\/wp-json\/wp\/v2\/types\/page"}],"author":[{"embeddable":true,"href":"https:\/\/ieselaios.catedu.es\/matematicas\/wp-json\/wp\/v2\/users\/3"}],"replies":[{"embeddable":true,"href":"https:\/\/ieselaios.catedu.es\/matematicas\/wp-json\/wp\/v2\/comments?post=247"}],"version-history":[{"count":29,"href":"https:\/\/ieselaios.catedu.es\/matematicas\/wp-json\/wp\/v2\/pages\/247\/revisions"}],"predecessor-version":[{"id":2024,"href":"https:\/\/ieselaios.catedu.es\/matematicas\/wp-json\/wp\/v2\/pages\/247\/revisions\/2024"}],"wp:attachment":[{"href":"https:\/\/ieselaios.catedu.es\/matematicas\/wp-json\/wp\/v2\/media?parent=247"}],"curies":[{"name":"wp","href":"https:\/\/api.w.org\/{rel}","templated":true}]}}